{"id":2983,"date":"2025-02-19T07:40:33","date_gmt":"2025-02-19T06:40:33","guid":{"rendered":"https:\/\/solidanca.con2webs.es\/politica-de-privacidad\/"},"modified":"2025-08-20T14:47:27","modified_gmt":"2025-08-20T12:47:27","slug":"politica-de-privacidad","status":"publish","type":"page","link":"https:\/\/solidanca.cat\/es\/politica-de-privacidad\/","title":{"rendered":"Pol\u00edtica de privacidad"},"content":{"rendered":"<style>.kb-row-layout-id2983_466dc0-6a > .kt-row-column-wrap{align-content:start;}:where(.kb-row-layout-id2983_466dc0-6a > .kt-row-column-wrap) > .wp-block-kadence-column{justify-content:start;}.kb-row-layout-id2983_466dc0-6a > .kt-row-column-wrap{column-gap:var(--global-kb-gap-md, 2rem);row-gap:var(--global-kb-gap-md, 2rem);max-width:var( --global-content-width, 1290px );padding-left:var(--global-content-edge-padding);padding-right:var(--global-content-edge-padding);padding-top:var(--global-kb-spacing-sm, 1.5rem);padding-bottom:var(--global-kb-spacing-sm, 1.5rem);grid-template-columns:minmax(0, 1fr);}.kb-row-layout-id2983_466dc0-6a > .kt-row-layout-overlay{opacity:0.30;}@media all and (max-width: 1024px){.kb-row-layout-id2983_466dc0-6a > .kt-row-column-wrap{grid-template-columns:minmax(0, 1fr);}}@media all and (max-width: 767px){.kb-row-layout-id2983_466dc0-6a > .kt-row-column-wrap{grid-template-columns:minmax(0, 1fr);}}<\/style><div class=\"kb-row-layout-wrap kb-row-layout-id2983_466dc0-6a alignnone wp-block-kadence-rowlayout\"><div class=\"kt-row-column-wrap kt-has-1-columns kt-row-layout-equal kt-tab-layout-inherit kt-mobile-layout-row kt-row-valign-top kb-theme-content-width\">\n<style>.kadence-column2983_16f4b9-a8 > .kt-inside-inner-col,.kadence-column2983_16f4b9-a8 > .kt-inside-inner-col:before{border-top-left-radius:0px;border-top-right-radius:0px;border-bottom-right-radius:0px;border-bottom-left-radius:0px;}.kadence-column2983_16f4b9-a8 > .kt-inside-inner-col{column-gap:var(--global-kb-gap-sm, 1rem);}.kadence-column2983_16f4b9-a8 > .kt-inside-inner-col{flex-direction:column;}.kadence-column2983_16f4b9-a8 > .kt-inside-inner-col > .aligncenter{width:100%;}.kadence-column2983_16f4b9-a8 > .kt-inside-inner-col:before{opacity:0.3;}.kadence-column2983_16f4b9-a8{position:relative;}@media all and (max-width: 1024px){.kadence-column2983_16f4b9-a8 > .kt-inside-inner-col{flex-direction:column;justify-content:center;}}@media all and (max-width: 767px){.kadence-column2983_16f4b9-a8 > .kt-inside-inner-col{flex-direction:column;justify-content:center;}}<\/style>\n<div class=\"wp-block-kadence-column kadence-column2983_16f4b9-a8\"><div class=\"kt-inside-inner-col\">\n<h1 class=\"wp-block-heading\">Pol\u00edtica de Privacidad<\/h1>\n\n\n\n<h3 class=\"wp-block-heading\">Tratamiento de datos seg\u00fan RGPD<\/h3>\n\n\n\n<p><strong>\u00bfQui\u00e9n es el Responsable del Tratamiento de sus datos personales?<\/strong><br>En cumplimiento del Reglamento (UE) 2016\/679 del Parlamento Europeo y del Consejo de 27 de abril de 2016 y la normativa vigente en protecci\u00f3n de datos, ponemos en su conocimiento que el Responsable del tratamiento de sus datos es: Solidan\u00e7a Treball, Empresa d&#8217;Inserci\u00f3, SL. (en adelante SOLIDAN\u00c7A), como representante del grupo de empresas SOLIDAN\u00c7A ((Solidan\u00e7a Treball EI, S.L., Associaci\u00f3 Solidan\u00e7a, ADAD L&#8217;Encant GIRONA. y EcoInserta), con domicilio a estos efectos en C\/Trabajo, 5 08960 Sant Just Desvern, Barcelona n\u00famero6 C8.2.<br>Si desea ponerse en contacto puede hacerlo en esta direcci\u00f3n o por e-mail a dpd@solidanca.cat. <br><strong>\u00bfCon qu\u00e9 fines recogemos sus datos?<\/strong><br>SOLIDAN\u00c7A utiliza sus datos \u00fanicamente para enviarle el bolet\u00edn de noticias que se distribuye peri\u00f3dicamente y para informar de las actividades relacionadas con la entidad.<br><strong>\u00bfQu\u00e9 datos se tratan?<br><\/strong>Los datos a tratar por SOLIDAN\u00c7A dentro del marco de la relaci\u00f3n con el interesado y condicionado a las finalidades consentidas, se incluyan en las siguientes categor\u00edas:<br>\u2022 Datos m\u00ednimos necesarios para contactar que usted cumplimenta en el formulario de cliente para identificarle y poder mantener contacto: nombre y apellido, direcci\u00f3n, tel\u00e9fono y e-mail.<br><strong>\u00bfCu\u00e1nto tiempo guardan sus datos?<\/strong><br>Usted recibir\u00e1 informaci\u00f3n siempre que dispongamos de su consentimiento. Solidan\u00e7a pone a su disposici\u00f3n un enlace electr\u00f3nico para que pueda borrarse de forma inmediata. Tambi\u00e9n puede borrarse en cualquier momento enviando un escrito, llamando por tel\u00e9fono al 93 685 44 34 o mediante el e-mail a la direcci\u00f3n arriba indicada. <br><strong>\u00bfA qu\u00e9 destinatarios se comunican sus datos?<\/strong><br>Sus datos podr\u00e1n ser enviados \u00fanicamente a entidades vinculadas con SOLIDANCA de servicios similares (Solidan\u00e7a Treball EI, S.L. y Associaci\u00f3 Solidan\u00e7a). Sus datos s\u00f3lo se utilizar\u00e1n con el consentimiento inequ\u00edvoco. <br><strong>\u00bfCu\u00e1les son las bases legales para el tratamiento de sus datos?<\/strong><br>Sus datos s\u00f3lo se utilizar\u00e1n con el consentimiento inequ\u00edvoco en caso de no existir una relaci\u00f3n contractual previa. En todo caso no recibir\u00e1 ninguna noticia de Solidan\u00e7a si ejerce su derecho a borrarse. <br><strong>\u00bfCu\u00e1les son sus DERECHOS?<br><\/strong>Puede ejercer sus derechos de acceso, rectificaci\u00f3n, cancelaci\u00f3n, oposici\u00f3n, limitaci\u00f3n del tratamiento, portabilidad de datos y supresi\u00f3n, as\u00ed como del tratamiento de datos a terceros en su caso en cualquier momento mediante escrito indicando EJERCER DERECHOS RGPD en la direcci\u00f3n arriba indicada.<br>Siempre puede acudir a <a href=\"http:\/\/www.agpd.es\/\" target=\"_blank\" rel=\"noreferrer noopener\">www.agpd.es<\/a> si considera que hemos vulnerado sus derechos.<\/p>\n<\/div><\/div>\n\n<\/div><\/div>","protected":false},"excerpt":{"rendered":"<p>Pol\u00edtica de Privacidad Tratamiento de datos seg\u00fan RGPD \u00bfQui\u00e9n es el Responsable del Tratamiento de sus datos personales?En cumplimiento del Reglamento (UE) 2016\/679 del Parlamento Europeo y del Consejo de 27 de abril de 2016 y la normativa vigente en protecci\u00f3n de datos, ponemos en su conocimiento que el Responsable del tratamiento de sus datos&#8230;<\/p>\n","protected":false},"author":1,"featured_media":0,"parent":0,"menu_order":0,"comment_status":"closed","ping_status":"closed","template":"","meta":{"_uag_custom_page_level_css":"","_kad_blocks_custom_css":"","_kad_blocks_head_custom_js":"","_kad_blocks_body_custom_js":"","_kad_blocks_footer_custom_js":"","_kad_post_transparent":"","_kad_post_title":"","_kad_post_layout":"","_kad_post_sidebar_id":"","_kad_post_content_style":"","_kad_post_vertical_padding":"","_kad_post_feature":"","_kad_post_feature_position":"","_kad_post_header":false,"_kad_post_footer":false,"_kad_post_classname":"","footnotes":""},"class_list":["post-2983","page","type-page","status-publish","hentry"],"taxonomy_info":[],"featured_image_src_large":false,"author_info":{"display_name":"admin","author_link":"https:\/\/solidanca.cat\/es\/author\/empiezapori\/"},"comment_info":0,"uagb_featured_image_src":{"full":false,"thumbnail":false,"medium":false,"medium_large":false,"large":false,"1536x1536":false,"2048x2048":false},"uagb_author_info":{"display_name":"admin","author_link":"https:\/\/solidanca.cat\/es\/author\/empiezapori\/"},"uagb_comment_info":0,"uagb_excerpt":"Pol\u00edtica de Privacidad Tratamiento de datos seg\u00fan RGPD \u00bfQui\u00e9n es el Responsable del Tratamiento de sus datos personales?En cumplimiento del Reglamento (UE) 2016\/679 del Parlamento Europeo y del Consejo de 27 de abril de 2016 y la normativa vigente en protecci\u00f3n de datos, ponemos en su conocimiento que el Responsable del tratamiento de sus datos...","_links":{"self":[{"href":"https:\/\/solidanca.cat\/es\/wp-json\/wp\/v2\/pages\/2983","targetHints":{"allow":["GET"]}}],"collection":[{"href":"https:\/\/solidanca.cat\/es\/wp-json\/wp\/v2\/pages"}],"about":[{"href":"https:\/\/solidanca.cat\/es\/wp-json\/wp\/v2\/types\/page"}],"author":[{"embeddable":true,"href":"https:\/\/solidanca.cat\/es\/wp-json\/wp\/v2\/users\/1"}],"replies":[{"embeddable":true,"href":"https:\/\/solidanca.cat\/es\/wp-json\/wp\/v2\/comments?post=2983"}],"version-history":[{"count":2,"href":"https:\/\/solidanca.cat\/es\/wp-json\/wp\/v2\/pages\/2983\/revisions"}],"predecessor-version":[{"id":12118,"href":"https:\/\/solidanca.cat\/es\/wp-json\/wp\/v2\/pages\/2983\/revisions\/12118"}],"wp:attachment":[{"href":"https:\/\/solidanca.cat\/es\/wp-json\/wp\/v2\/media?parent=2983"}],"curies":[{"name":"wp","href":"https:\/\/api.w.org\/{rel}","templated":true}]}}