{"id":9387,"date":"2022-07-11T15:14:11","date_gmt":"2022-07-11T13:14:11","guid":{"rendered":"https:\/\/solidanca.con2webs.es\/noticias\/"},"modified":"2025-05-23T10:04:26","modified_gmt":"2025-05-23T08:04:26","slug":"noticias","status":"publish","type":"page","link":"https:\/\/solidanca.cat\/es\/noticias\/","title":{"rendered":"Noticias"},"content":{"rendered":"<style>.kb-row-layout-id9387_efd391-6b > .kt-row-column-wrap{align-content:start;}:where(.kb-row-layout-id9387_efd391-6b > .kt-row-column-wrap) > .wp-block-kadence-column{justify-content:start;}.kb-row-layout-id9387_efd391-6b > .kt-row-column-wrap{column-gap:var(--global-kb-gap-md, 2rem);row-gap:var(--global-kb-gap-md, 2rem);max-width:var( --global-content-width, 1290px );padding-left:var(--global-content-edge-padding);padding-right:var(--global-content-edge-padding);padding-top:var(--global-kb-spacing-sm, 1.5rem);padding-bottom:var(--global-kb-spacing-sm, 1.5rem);grid-template-columns:minmax(0, 1fr);}.kb-row-layout-id9387_efd391-6b > .kt-row-layout-overlay{opacity:0.30;}@media all and (max-width: 1024px){.kb-row-layout-id9387_efd391-6b > .kt-row-column-wrap{grid-template-columns:minmax(0, 1fr);}}@media all and (max-width: 767px){.kb-row-layout-id9387_efd391-6b > .kt-row-column-wrap{grid-template-columns:minmax(0, 1fr);}}<\/style><div class=\"kb-row-layout-wrap kb-row-layout-id9387_efd391-6b alignfull has-theme-palette1-background-color kt-row-has-bg wp-block-kadence-rowlayout\"><div class=\"kt-row-column-wrap kt-has-1-columns kt-row-layout-equal kt-tab-layout-inherit kt-mobile-layout-row kt-row-valign-top kb-theme-content-width\">\n<style>.kadence-column9387_42e178-51 > .kt-inside-inner-col,.kadence-column9387_42e178-51 > .kt-inside-inner-col:before{border-top-left-radius:0px;border-top-right-radius:0px;border-bottom-right-radius:0px;border-bottom-left-radius:0px;}.kadence-column9387_42e178-51 > .kt-inside-inner-col{column-gap:var(--global-kb-gap-sm, 1rem);}.kadence-column9387_42e178-51 > .kt-inside-inner-col{flex-direction:column;}.kadence-column9387_42e178-51 > .kt-inside-inner-col > .aligncenter{width:100%;}.kadence-column9387_42e178-51 > .kt-inside-inner-col:before{opacity:0.3;}.kadence-column9387_42e178-51{position:relative;}@media all and (max-width: 1024px){.kadence-column9387_42e178-51 > .kt-inside-inner-col{flex-direction:column;justify-content:center;}}@media all and (max-width: 767px){.kadence-column9387_42e178-51 > .kt-inside-inner-col{flex-direction:column;justify-content:center;}}<\/style>\n<div class=\"wp-block-kadence-column kadence-column9387_42e178-51\"><div class=\"kt-inside-inner-col\"><style>.wp-block-kadence-advancedheading.kt-adv-heading9387_2f19f8-1a, .wp-block-kadence-advancedheading.kt-adv-heading9387_2f19f8-1a[data-kb-block=\"kb-adv-heading9387_2f19f8-1a\"]{text-align:center;font-style:normal;}.wp-block-kadence-advancedheading.kt-adv-heading9387_2f19f8-1a mark.kt-highlight, .wp-block-kadence-advancedheading.kt-adv-heading9387_2f19f8-1a[data-kb-block=\"kb-adv-heading9387_2f19f8-1a\"] mark.kt-highlight{font-style:normal;color:#f76a0c;-webkit-box-decoration-break:clone;box-decoration-break:clone;padding-top:0px;padding-right:0px;padding-bottom:0px;padding-left:0px;}.wp-block-kadence-advancedheading.kt-adv-heading9387_2f19f8-1a img.kb-inline-image, .wp-block-kadence-advancedheading.kt-adv-heading9387_2f19f8-1a[data-kb-block=\"kb-adv-heading9387_2f19f8-1a\"] img.kb-inline-image{width:150px;vertical-align:baseline;}<\/style>\n<h1 class=\"kt-adv-heading9387_2f19f8-1a wp-block-kadence-advancedheading has-theme-palette-2-color has-text-color\" data-kb-block=\"kb-adv-heading9387_2f19f8-1a\">Noticias<\/h1>\n<\/div><\/div>\n\n<\/div><\/div>\n\n<style>.kb-row-layout-id9387_31ee08-01 > .kt-row-column-wrap{align-content:start;}:where(.kb-row-layout-id9387_31ee08-01 > .kt-row-column-wrap) > .wp-block-kadence-column{justify-content:start;}.kb-row-layout-id9387_31ee08-01 > .kt-row-column-wrap{column-gap:var(--global-kb-gap-md, 2rem);row-gap:var(--global-kb-gap-md, 2rem);max-width:var( --global-content-width, 1290px );padding-left:var(--global-content-edge-padding);padding-right:var(--global-content-edge-padding);padding-top:var(--global-kb-spacing-sm, 1.5rem);padding-bottom:var(--global-kb-spacing-sm, 1.5rem);grid-template-columns:minmax(0, 1fr);}.kb-row-layout-id9387_31ee08-01 > .kt-row-layout-overlay{opacity:0.30;}@media all and (max-width: 1024px){.kb-row-layout-id9387_31ee08-01 > .kt-row-column-wrap{grid-template-columns:minmax(0, 1fr);}}@media all and (max-width: 767px){.kb-row-layout-id9387_31ee08-01 > .kt-row-column-wrap{grid-template-columns:minmax(0, 1fr);}}<\/style><div class=\"kb-row-layout-wrap kb-row-layout-id9387_31ee08-01 alignnone wp-block-kadence-rowlayout\"><div class=\"kt-row-column-wrap kt-has-1-columns kt-row-layout-equal kt-tab-layout-inherit kt-mobile-layout-row kt-row-valign-top kb-theme-content-width\">\n<style>.kadence-column9387_e8a93f-e8 > .kt-inside-inner-col{display:flex;}.kadence-column9387_e8a93f-e8 > .kt-inside-inner-col,.kadence-column9387_e8a93f-e8 > .kt-inside-inner-col:before{border-top-left-radius:0px;border-top-right-radius:0px;border-bottom-right-radius:0px;border-bottom-left-radius:0px;}.kadence-column9387_e8a93f-e8 > .kt-inside-inner-col{column-gap:var(--global-kb-gap-sm, 1rem);}.kadence-column9387_e8a93f-e8 > .kt-inside-inner-col{flex-direction:column;align-items:flex-end;}.kadence-column9387_e8a93f-e8 > .kt-inside-inner-col > .kb-image-is-ratio-size{align-self:stretch;}.kadence-column9387_e8a93f-e8 > .kt-inside-inner-col > .wp-block-kadence-advancedgallery{align-self:stretch;}.kadence-column9387_e8a93f-e8 > .kt-inside-inner-col > .aligncenter{width:100%;}.kadence-column9387_e8a93f-e8 > .kt-inside-inner-col:before{opacity:0.3;}.kadence-column9387_e8a93f-e8{position:relative;}@media all and (max-width: 1024px){.kadence-column9387_e8a93f-e8 > .kt-inside-inner-col{flex-direction:column;justify-content:center;align-items:flex-end;}}@media all and (max-width: 767px){.kadence-column9387_e8a93f-e8 > .kt-inside-inner-col{flex-direction:column;justify-content:center;align-items:flex-end;}}<\/style>\n<div class=\"wp-block-kadence-column kadence-column9387_e8a93f-e8\"><div class=\"kt-inside-inner-col\"><style>.kb-search9387_76077f-a7 .kb-search-input[type=\"text\"]{border-top:1px solid #dee2e6;border-right:1px solid #dee2e6;border-bottom:1px solid #dee2e6;border-left:1px solid #dee2e6;color:var(--global-palette1, #3182CE);}.kb-search9387_76077f-a7 .kb-search-input[type=\"text\"]::placeholder{color:var(--global-palette6, #718096);}.kb-search9387_76077f-a7 .kb-search-icon svg{stroke:var(--global-palette1, #3182CE);fill:none;}.kb-search9387_76077f-a7:hover .kb-search-icon svg{stroke:var(--global-palette6, #718096);fill:none;}.kb-search9387_76077f-a7 .kb-search-close-btn svg{fill:none;}.kb-search9387_76077f-a7 .kb-search-close-btn{font-size:50px;}.kb-search9387_76077f-a7 .kb-search-close-btn:hover svg{fill:none;}.kb-search.kb-search9387_76077f-a7 form, .kb-search.kb-search9387_76077f-a7 .kb-search-modal-content form form{max-width:400px;}@media all and (max-width: 1024px){.kb-search9387_76077f-a7 .kb-search-input[type=\"text\"]{border-top:1px solid #dee2e6;border-right:1px solid #dee2e6;border-bottom:1px solid #dee2e6;border-left:1px solid #dee2e6;}}@media all and (max-width: 767px){.kb-search9387_76077f-a7 .kb-search-input[type=\"text\"]{border-top:1px solid #dee2e6;border-right:1px solid #dee2e6;border-bottom:1px solid #dee2e6;border-left:1px solid #dee2e6;}}<\/style><div class=\"kb-search kb-search9387_76077f-a7 wp-block-kadence-search\"><form class=\"kb-search-form\" role=\"search\" method=\"get\" action=\"https:\/\/solidanca.cat\/es\/\"><div class=\"kb-search-input-wrapper\"><input name=\"s\" type=\"text\" class=\"kb-search-input\" placeholder=\"\" aria-label=\"Buscar\"><button type=\"submit\" class=\"kb-search-icon-submit\" aria-label=\"Buscar\"><span class=\"kb-search-icon\"><svg viewBox=\"0 0 24 24\"  fill=\"none\" stroke=\"currentColor\" stroke-width=\"2\" stroke-linecap=\"round\" stroke-linejoin=\"round\" xmlns=\"http:\/\/www.w3.org\/2000\/svg\"  role=\"img\"><circle cx=\"11\" cy=\"11\" r=\"8\"\/><line x1=\"21\" y1=\"21\" x2=\"16.65\" y2=\"16.65\"\/><\/svg><\/span><\/button><\/div><\/form><\/div><\/div><\/div>\n\n\n<style>.kadence-column9387_42046a-fb > .kt-inside-inner-col,.kadence-column9387_42046a-fb > .kt-inside-inner-col:before{border-top-left-radius:0px;border-top-right-radius:0px;border-bottom-right-radius:0px;border-bottom-left-radius:0px;}.kadence-column9387_42046a-fb > .kt-inside-inner-col{column-gap:var(--global-kb-gap-sm, 1rem);}.kadence-column9387_42046a-fb > .kt-inside-inner-col{flex-direction:column;}.kadence-column9387_42046a-fb > .kt-inside-inner-col > .aligncenter{width:100%;}.kadence-column9387_42046a-fb > .kt-inside-inner-col:before{opacity:0.3;}.kadence-column9387_42046a-fb{position:relative;}@media all and (max-width: 1024px){.kadence-column9387_42046a-fb > .kt-inside-inner-col{flex-direction:column;justify-content:center;}}@media all and (max-width: 767px){.kadence-column9387_42046a-fb > .kt-inside-inner-col{flex-direction:column;justify-content:center;}}<\/style>\n<div class=\"wp-block-kadence-column kadence-column9387_42046a-fb\"><div class=\"kt-inside-inner-col\">\n\t\t\t<div class=\"wp-block-uagb-post-grid uagb-post-grid  uagb-post__image-position-top uagb-post__image-enabled uagb-block-7183fe15     uagb-post__items uagb-post__columns-3 is-grid uagb-post__columns-tablet-2 uagb-post__columns-mobile-1 uagb-post__equal-height\" data-total=\"70\" style=\"\">\n\n\t\t\t\t\t\t\t\t\t\t\t\t<article class=\"uagb-post__inner-wrap\">\t\t\t\t\t\t\t\t<div class='uagb-post__image'>\n\t\t\t\t\t\t\t\t\t<a href=\"https:\/\/solidanca.cat\/es\/solidanca-uneix-esforcos-amb-la-fundacio-social-aurea-per-lluitar-contra-la-vulnerabilitat-social\/\" target=\"_self\" rel=\"bookmark noopener noreferrer\" class='uagb-image-ratio-inherit'><img loading=\"lazy\" decoding=\"async\" width=\"800\" height=\"400\" src=\"https:\/\/solidanca.cat\/wp-content\/uploads\/2026\/04\/FOTO-NOTICIES-WEB-1-1.png\" class=\"attachment-large size-large\" alt=\"\" srcset=\"https:\/\/solidanca.cat\/wp-content\/uploads\/2026\/04\/FOTO-NOTICIES-WEB-1-1.png 800w, https:\/\/solidanca.cat\/wp-content\/uploads\/2026\/04\/FOTO-NOTICIES-WEB-1-1-300x150.png 300w, https:\/\/solidanca.cat\/wp-content\/uploads\/2026\/04\/FOTO-NOTICIES-WEB-1-1-768x384.png 768w\" sizes=\"auto, (max-width: 800px) 100vw, 800px\" \/>\t\t\t\t\t<\/a>\n\t\t\t\t\t\t\t<\/div>\n\t\t\t\t\t\t<h4 class=\"uagb-post__title uagb-post__text\">\n\t\t\t\t<a href=\"https:\/\/solidanca.cat\/es\/solidanca-uneix-esforcos-amb-la-fundacio-social-aurea-per-lluitar-contra-la-vulnerabilitat-social\/\" target=\"_self\" rel=\"bookmark noopener noreferrer\">Solidan\u00e7a\u00a0uneix\u00a0esfor\u00e7os\u00a0amb\u00a0la\u00a0Fundaci\u00f3\u00a0Social\u00a0\u00c0urea\u00a0per\u00a0lluitar\u00a0contra la\u00a0vulnerabilitat\u00a0social\u00a0<\/a>\n\t\t\t<\/h4>\n\t\t\t\t\t\t<div class='uagb-post__text uagb-post-grid-byline'>\n\t\t\t\t\t\t\t\t<time datetime=\"2026-04-30T10:00:00+02:00\" class=\"uagb-post__date\">\n\t\t\t\t<span class=\"dashicons-calendar dashicons\"><\/span>\t\t\t\t\t30\/04\/2026\t\t\t\t<\/time>\n\t\t\t\t\t\t<\/div>\n\t\t\t\t\t\t\t<div class='uagb-post__text uagb-post__excerpt'>\n\t\t\t\t\t<p>Solidan\u00e7a&nbsp;consolida la&nbsp;seva&nbsp;tasca social&nbsp;amb&nbsp;la&nbsp;col\u00b7laboraci\u00f3&nbsp;amb&nbsp;la&nbsp;Fundaci\u00f3&nbsp;Social&nbsp;\u00c0urea, centrada en el&nbsp;repartiment&nbsp;d\u2019aliments&nbsp;i&nbsp;b\u00e9ns&nbsp;de primera&nbsp;necessitat&nbsp;a persones en&nbsp;situaci\u00f3&nbsp;de&nbsp;vulnerabilitat&nbsp;vinculades&nbsp;als&nbsp;projectes&nbsp;socials&nbsp;de&nbsp;l\u2019empresa.&nbsp; La&nbsp;col\u00b7laboraci\u00f3&nbsp;ha&nbsp;perm\u00e8s&nbsp;un&nbsp;any&nbsp;m\u00e9s&nbsp;coordinar&nbsp;accions&nbsp;directes per&nbsp;atendre&nbsp;fam\u00edlies&nbsp;vinculades&nbsp;als&nbsp;diferents&nbsp;projectes&nbsp;socials&nbsp;de&nbsp;Solidan\u00e7a. Entre&nbsp;el&nbsp;gener&nbsp;i&nbsp;l\u2019octubre&nbsp;del&nbsp;2025,&nbsp;s\u2019han&nbsp;dut&nbsp;a&nbsp;terme&nbsp;un total de&nbsp;18&nbsp;accions&nbsp;de&nbsp;repartiment,&nbsp;beneficiant&nbsp;51&nbsp;fam\u00edlies&nbsp;i&nbsp;arribant&nbsp;a&nbsp;151 persones,&nbsp;incloent-hi&nbsp;adults,&nbsp;infants&nbsp;i&nbsp;adolescents.&nbsp;&#8230;\t\t\t\t<\/div>\n\t\t\t\t\t\t<div class=\"uagb-post__text uagb-post__cta wp-block-button\">\n\t\t\t\t<a class=\"wp-block-button__link uagb-text-link\" style=\"\" href=\"https:\/\/solidanca.cat\/es\/solidanca-uneix-esforcos-amb-la-fundacio-social-aurea-per-lluitar-contra-la-vulnerabilitat-social\/\" target=\"_self\" rel=\"bookmark noopener noreferrer\">Llegir m\u00e9s<\/a>\n\t\t\t<\/div>\n\t\t\t\n\t\t\t\t\t\t\t\t\t<\/article>\n\t\t\t\t\t\t\t\t\t\t\t\t\t\t\t\t<article class=\"uagb-post__inner-wrap\">\t\t\t\t\t\t\t\t<div class='uagb-post__image'>\n\t\t\t\t\t\t\t\t\t<a href=\"https:\/\/solidanca.cat\/es\/abril-es-el-mes-dels-mercats-circulars\/\" target=\"_self\" rel=\"bookmark noopener noreferrer\" class='uagb-image-ratio-inherit'><img loading=\"lazy\" decoding=\"async\" width=\"800\" height=\"200\" src=\"https:\/\/solidanca.cat\/wp-content\/uploads\/2026\/03\/mailchimp-800-x-200-px.jpg\" class=\"attachment-large size-large\" alt=\"\" srcset=\"https:\/\/solidanca.cat\/wp-content\/uploads\/2026\/03\/mailchimp-800-x-200-px.jpg 800w, https:\/\/solidanca.cat\/wp-content\/uploads\/2026\/03\/mailchimp-800-x-200-px-300x75.jpg 300w, https:\/\/solidanca.cat\/wp-content\/uploads\/2026\/03\/mailchimp-800-x-200-px-768x192.jpg 768w\" sizes=\"auto, (max-width: 800px) 100vw, 800px\" \/>\t\t\t\t\t<\/a>\n\t\t\t\t\t\t\t<\/div>\n\t\t\t\t\t\t<h4 class=\"uagb-post__title uagb-post__text\">\n\t\t\t\t<a href=\"https:\/\/solidanca.cat\/es\/abril-es-el-mes-dels-mercats-circulars\/\" target=\"_self\" rel=\"bookmark noopener noreferrer\">Abril \u00e9s el mes dels Mercats Circulars<\/a>\n\t\t\t<\/h4>\n\t\t\t\t\t\t<div class='uagb-post__text uagb-post-grid-byline'>\n\t\t\t\t\t\t\t\t<time datetime=\"2026-04-29T10:43:31+02:00\" class=\"uagb-post__date\">\n\t\t\t\t<span class=\"dashicons-calendar dashicons\"><\/span>\t\t\t\t\t29\/04\/2026\t\t\t\t<\/time>\n\t\t\t\t\t\t<\/div>\n\t\t\t\t\t\t\t<div class='uagb-post__text uagb-post__excerpt'>\n\t\t\t\t\t<p>Peces \u00faniques, preus petits i molt per descobrir.Aquest mes tornem amb noves edicions dels Mercats&#8230;\t\t\t\t<\/div>\n\t\t\t\t\t\t<div class=\"uagb-post__text uagb-post__cta wp-block-button\">\n\t\t\t\t<a class=\"wp-block-button__link uagb-text-link\" style=\"\" href=\"https:\/\/solidanca.cat\/es\/abril-es-el-mes-dels-mercats-circulars\/\" target=\"_self\" rel=\"bookmark noopener noreferrer\">Llegir m\u00e9s<\/a>\n\t\t\t<\/div>\n\t\t\t\n\t\t\t\t\t\t\t\t\t<\/article>\n\t\t\t\t\t\t\t\t\t\t\t\t\t\t\t\t<article class=\"uagb-post__inner-wrap\">\t\t\t\t\t\t\t\t<h4 class=\"uagb-post__title uagb-post__text\">\n\t\t\t\t<a href=\"https:\/\/solidanca.cat\/es\/aprovecha-el-cambio-de-armario-para-vestir-con-conciencia\/\" target=\"_self\" rel=\"bookmark noopener noreferrer\">Aprovecha el cambio de armario para vestir con conciencia<\/a>\n\t\t\t<\/h4>\n\t\t\t\t\t\t<div class='uagb-post__text uagb-post-grid-byline'>\n\t\t\t\t\t\t\t\t<time datetime=\"2026-04-28T10:00:00+02:00\" class=\"uagb-post__date\">\n\t\t\t\t<span class=\"dashicons-calendar dashicons\"><\/span>\t\t\t\t\t28\/04\/2026\t\t\t\t<\/time>\n\t\t\t\t\t\t<\/div>\n\t\t\t\t\t\t\t<div class='uagb-post__text uagb-post__excerpt'>\n\t\t\t\t\t<p>Con la llegada del buen tiempo y el alargamiento de los d\u00edas, vuelve un momento&#8230;\t\t\t\t<\/div>\n\t\t\t\t\t\t<div class=\"uagb-post__text uagb-post__cta wp-block-button\">\n\t\t\t\t<a class=\"wp-block-button__link uagb-text-link\" style=\"\" href=\"https:\/\/solidanca.cat\/es\/aprovecha-el-cambio-de-armario-para-vestir-con-conciencia\/\" target=\"_self\" rel=\"bookmark noopener noreferrer\">Llegir m\u00e9s<\/a>\n\t\t\t<\/div>\n\t\t\t\n\t\t\t\t\t\t\t\t\t<\/article>\n\t\t\t\t\t\t\t\t\t\t\t\t\t\t\t\t<article class=\"uagb-post__inner-wrap\">\t\t\t\t\t\t\t\t<div class='uagb-post__image'>\n\t\t\t\t\t\t\t\t\t<a href=\"https:\/\/solidanca.cat\/es\/solidanza-renueva-su-compromiso-con-el-departamento-de-justicia-para-impulsar-actividades-de-trabajo-en-beneficio-de-la-comunidad\/\" target=\"_self\" rel=\"bookmark noopener noreferrer\" class='uagb-image-ratio-inherit'><img loading=\"lazy\" decoding=\"async\" width=\"800\" height=\"400\" src=\"https:\/\/solidanca.cat\/wp-content\/uploads\/2026\/04\/FOTO-NOTICIES-WEB-1.png\" class=\"attachment-large size-large\" alt=\"\" srcset=\"https:\/\/solidanca.cat\/wp-content\/uploads\/2026\/04\/FOTO-NOTICIES-WEB-1.png 800w, https:\/\/solidanca.cat\/wp-content\/uploads\/2026\/04\/FOTO-NOTICIES-WEB-1-300x150.png 300w, https:\/\/solidanca.cat\/wp-content\/uploads\/2026\/04\/FOTO-NOTICIES-WEB-1-768x384.png 768w\" sizes=\"auto, (max-width: 800px) 100vw, 800px\" \/>\t\t\t\t\t<\/a>\n\t\t\t\t\t\t\t<\/div>\n\t\t\t\t\t\t<h4 class=\"uagb-post__title uagb-post__text\">\n\t\t\t\t<a href=\"https:\/\/solidanca.cat\/es\/solidanza-renueva-su-compromiso-con-el-departamento-de-justicia-para-impulsar-actividades-de-trabajo-en-beneficio-de-la-comunidad\/\" target=\"_self\" rel=\"bookmark noopener noreferrer\">Solidan\u00e7a\u00a0renueva\u00a0su\u00a0compromiso\u00a0con\u00a0el\u00a0Departamento\u00a0de\u00a0Justicia\u00a0para impulsar\u00a0actividades\u00a0de\u00a0Trabajo\u00a0en Beneficio de la\u00a0Comunidad<\/a>\n\t\t\t<\/h4>\n\t\t\t\t\t\t<div class='uagb-post__text uagb-post-grid-byline'>\n\t\t\t\t\t\t\t\t<time datetime=\"2026-04-24T12:37:29+02:00\" class=\"uagb-post__date\">\n\t\t\t\t<span class=\"dashicons-calendar dashicons\"><\/span>\t\t\t\t\t24\/04\/2026\t\t\t\t<\/time>\n\t\t\t\t\t\t<\/div>\n\t\t\t\t\t\t\t<div class='uagb-post__text uagb-post__excerpt'>\n\t\t\t\t\t<p>El pasado 2025 se renov\u00f3 el convenio de colaboraci\u00f3n entre el Departamento de Justicia y&#8230;\t\t\t\t<\/div>\n\t\t\t\t\t\t<div class=\"uagb-post__text uagb-post__cta wp-block-button\">\n\t\t\t\t<a class=\"wp-block-button__link uagb-text-link\" style=\"\" href=\"https:\/\/solidanca.cat\/es\/solidanza-renueva-su-compromiso-con-el-departamento-de-justicia-para-impulsar-actividades-de-trabajo-en-beneficio-de-la-comunidad\/\" target=\"_self\" rel=\"bookmark noopener noreferrer\">Llegir m\u00e9s<\/a>\n\t\t\t<\/div>\n\t\t\t\n\t\t\t\t\t\t\t\t\t<\/article>\n\t\t\t\t\t\t\t\t\t\t\t\t\t\t\t\t<article class=\"uagb-post__inner-wrap\">\t\t\t\t\t\t\t\t<div class='uagb-post__image'>\n\t\t\t\t\t\t\t\t\t<a href=\"https:\/\/solidanca.cat\/es\/celebra-un-sant-jordi-mes-sostenible-amb-petits-gestos\/\" target=\"_self\" rel=\"bookmark noopener noreferrer\" class='uagb-image-ratio-inherit'><img loading=\"lazy\" decoding=\"async\" width=\"800\" height=\"400\" src=\"https:\/\/solidanca.cat\/wp-content\/uploads\/2026\/04\/FOTO-NOTICIES-WEB.png\" class=\"attachment-large size-large\" alt=\"\" srcset=\"https:\/\/solidanca.cat\/wp-content\/uploads\/2026\/04\/FOTO-NOTICIES-WEB.png 800w, https:\/\/solidanca.cat\/wp-content\/uploads\/2026\/04\/FOTO-NOTICIES-WEB-300x150.png 300w, https:\/\/solidanca.cat\/wp-content\/uploads\/2026\/04\/FOTO-NOTICIES-WEB-768x384.png 768w\" sizes=\"auto, (max-width: 800px) 100vw, 800px\" \/>\t\t\t\t\t<\/a>\n\t\t\t\t\t\t\t<\/div>\n\t\t\t\t\t\t<h4 class=\"uagb-post__title uagb-post__text\">\n\t\t\t\t<a href=\"https:\/\/solidanca.cat\/es\/celebra-un-sant-jordi-mes-sostenible-amb-petits-gestos\/\" target=\"_self\" rel=\"bookmark noopener noreferrer\">Celebra un Sant Jordi m\u00e1s sostenible con peque\u00f1os gestos<\/a>\n\t\t\t<\/h4>\n\t\t\t\t\t\t<div class='uagb-post__text uagb-post-grid-byline'>\n\t\t\t\t\t\t\t\t<time datetime=\"2026-04-21T10:00:00+02:00\" class=\"uagb-post__date\">\n\t\t\t\t<span class=\"dashicons-calendar dashicons\"><\/span>\t\t\t\t\t21\/04\/2026\t\t\t\t<\/time>\n\t\t\t\t\t\t<\/div>\n\t\t\t\t\t\t\t<div class='uagb-post__text uagb-post__excerpt'>\n\t\t\t\t\t<p>El d\u00eda de Sant Jordi es una de las celebraciones m\u00e1s queridas, llena de libros,&#8230;\t\t\t\t<\/div>\n\t\t\t\t\t\t<div class=\"uagb-post__text uagb-post__cta wp-block-button\">\n\t\t\t\t<a class=\"wp-block-button__link uagb-text-link\" style=\"\" href=\"https:\/\/solidanca.cat\/es\/celebra-un-sant-jordi-mes-sostenible-amb-petits-gestos\/\" target=\"_self\" rel=\"bookmark noopener noreferrer\">Llegir m\u00e9s<\/a>\n\t\t\t<\/div>\n\t\t\t\n\t\t\t\t\t\t\t\t\t<\/article>\n\t\t\t\t\t\t\t\t\t\t\t\t\t\t\t\t<article class=\"uagb-post__inner-wrap\">\t\t\t\t\t\t\t\t<div class='uagb-post__image'>\n\t\t\t\t\t\t\t\t\t<a href=\"https:\/\/solidanca.cat\/es\/oferta-de-trabajo-buscamos-personal-administrativo-a-de-proyectos-unete-al-equipo-de-solidanca\/\" target=\"_self\" rel=\"bookmark noopener noreferrer\" class='uagb-image-ratio-inherit'><img loading=\"lazy\" decoding=\"async\" width=\"400\" height=\"200\" src=\"https:\/\/solidanca.cat\/wp-content\/uploads\/2026\/04\/Copia-de-OFERTA-FEINA-imatge-web-noticies-15-1.png\" class=\"attachment-large size-large\" alt=\"\" srcset=\"https:\/\/solidanca.cat\/wp-content\/uploads\/2026\/04\/Copia-de-OFERTA-FEINA-imatge-web-noticies-15-1.png 400w, https:\/\/solidanca.cat\/wp-content\/uploads\/2026\/04\/Copia-de-OFERTA-FEINA-imatge-web-noticies-15-1-300x150.png 300w\" sizes=\"auto, (max-width: 400px) 100vw, 400px\" \/>\t\t\t\t\t<\/a>\n\t\t\t\t\t\t\t<\/div>\n\t\t\t\t\t\t<h4 class=\"uagb-post__title uagb-post__text\">\n\t\t\t\t<a href=\"https:\/\/solidanca.cat\/es\/oferta-de-trabajo-buscamos-personal-administrativo-a-de-proyectos-unete-al-equipo-de-solidanca\/\" target=\"_self\" rel=\"bookmark noopener noreferrer\">Oferta de trabajo: Buscamos auxiliar administrativo\/a de proyectos. \u00a1\u00danete al equipo de Solidan\u00e7a!<\/a>\n\t\t\t<\/h4>\n\t\t\t\t\t\t<div class='uagb-post__text uagb-post-grid-byline'>\n\t\t\t\t\t\t\t\t<time datetime=\"2026-04-17T14:33:40+02:00\" class=\"uagb-post__date\">\n\t\t\t\t<span class=\"dashicons-calendar dashicons\"><\/span>\t\t\t\t\t17\/04\/2026\t\t\t\t<\/time>\n\t\t\t\t\t\t<\/div>\n\t\t\t\t\t\t\t<div class='uagb-post__text uagb-post__excerpt'>\n\t\t\t\t\t<p>Solidan\u00e7a entidad que se dedica a la inserci\u00f3n sociolaboral a trav\u00e9s de la realizaci\u00f3n de&#8230;\t\t\t\t<\/div>\n\t\t\t\t\t\t<div class=\"uagb-post__text uagb-post__cta wp-block-button\">\n\t\t\t\t<a class=\"wp-block-button__link uagb-text-link\" style=\"\" href=\"https:\/\/solidanca.cat\/es\/oferta-de-trabajo-buscamos-personal-administrativo-a-de-proyectos-unete-al-equipo-de-solidanca\/\" target=\"_self\" rel=\"bookmark noopener noreferrer\">Llegir m\u00e9s<\/a>\n\t\t\t<\/div>\n\t\t\t\n\t\t\t\t\t\t\t\t\t<\/article>\n\t\t\t\t\t\t\t\t\t\t\t\t\t\t\t\t<article class=\"uagb-post__inner-wrap\">\t\t\t\t\t\t\t\t<div class='uagb-post__image'>\n\t\t\t\t\t\t\t\t\t<a href=\"https:\/\/solidanca.cat\/es\/les-practiques-al-raee-formacio-i-experiencia-en-reutilitzacio-daparells-electronics\/\" target=\"_self\" rel=\"bookmark noopener noreferrer\" class='uagb-image-ratio-inherit'><img loading=\"lazy\" decoding=\"async\" width=\"800\" height=\"400\" src=\"https:\/\/solidanca.cat\/wp-content\/uploads\/2026\/04\/FOTO-NOTICIES-WEB.jpg\" class=\"attachment-large size-large\" alt=\"\" srcset=\"https:\/\/solidanca.cat\/wp-content\/uploads\/2026\/04\/FOTO-NOTICIES-WEB.jpg 800w, https:\/\/solidanca.cat\/wp-content\/uploads\/2026\/04\/FOTO-NOTICIES-WEB-300x150.jpg 300w, https:\/\/solidanca.cat\/wp-content\/uploads\/2026\/04\/FOTO-NOTICIES-WEB-768x384.jpg 768w\" sizes=\"auto, (max-width: 800px) 100vw, 800px\" \/>\t\t\t\t\t<\/a>\n\t\t\t\t\t\t\t<\/div>\n\t\t\t\t\t\t<h4 class=\"uagb-post__title uagb-post__text\">\n\t\t\t\t<a href=\"https:\/\/solidanca.cat\/es\/les-practiques-al-raee-formacio-i-experiencia-en-reutilitzacio-daparells-electronics\/\" target=\"_self\" rel=\"bookmark noopener noreferrer\">Las pr\u00e1cticas en el RAEE: formaci\u00f3n y experiencia en reutilizaci\u00f3n de aparatos electr\u00f3nicos<\/a>\n\t\t\t<\/h4>\n\t\t\t\t\t\t<div class='uagb-post__text uagb-post-grid-byline'>\n\t\t\t\t\t\t\t\t<time datetime=\"2026-04-16T11:00:00+02:00\" class=\"uagb-post__date\">\n\t\t\t\t<span class=\"dashicons-calendar dashicons\"><\/span>\t\t\t\t\t16\/04\/2026\t\t\t\t<\/time>\n\t\t\t\t\t\t<\/div>\n\t\t\t\t\t\t\t<div class='uagb-post__text uagb-post__excerpt'>\n\t\t\t\t\t<p>En Solidan\u00e7a trabajamos cada d\u00eda para promover una gesti\u00f3n responsable de los Residuos de Aparatos&#8230;\t\t\t\t<\/div>\n\t\t\t\t\t\t<div class=\"uagb-post__text uagb-post__cta wp-block-button\">\n\t\t\t\t<a class=\"wp-block-button__link uagb-text-link\" style=\"\" href=\"https:\/\/solidanca.cat\/es\/les-practiques-al-raee-formacio-i-experiencia-en-reutilitzacio-daparells-electronics\/\" target=\"_self\" rel=\"bookmark noopener noreferrer\">Llegir m\u00e9s<\/a>\n\t\t\t<\/div>\n\t\t\t\n\t\t\t\t\t\t\t\t\t<\/article>\n\t\t\t\t\t\t\t\t\t\t\t\t\t\t\t\t<article class=\"uagb-post__inner-wrap\">\t\t\t\t\t\t\t\t<div class='uagb-post__image'>\n\t\t\t\t\t\t\t\t\t<a href=\"https:\/\/solidanca.cat\/es\/solidanca-refuerza-su-compromiso-con-la-preparacion-para-la-reutilizacion-de-raee-actividades-y-alianzas-destacadas-del-2025\/\" target=\"_self\" rel=\"bookmark noopener noreferrer\" class='uagb-image-ratio-inherit'><img loading=\"lazy\" decoding=\"async\" width=\"800\" height=\"400\" src=\"https:\/\/solidanca.cat\/wp-content\/uploads\/2026\/04\/FOTO-NOTICIES-WEB-2.png\" class=\"attachment-large size-large\" alt=\"\" srcset=\"https:\/\/solidanca.cat\/wp-content\/uploads\/2026\/04\/FOTO-NOTICIES-WEB-2.png 800w, https:\/\/solidanca.cat\/wp-content\/uploads\/2026\/04\/FOTO-NOTICIES-WEB-2-300x150.png 300w, https:\/\/solidanca.cat\/wp-content\/uploads\/2026\/04\/FOTO-NOTICIES-WEB-2-768x384.png 768w\" sizes=\"auto, (max-width: 800px) 100vw, 800px\" \/>\t\t\t\t\t<\/a>\n\t\t\t\t\t\t\t<\/div>\n\t\t\t\t\t\t<h4 class=\"uagb-post__title uagb-post__text\">\n\t\t\t\t<a href=\"https:\/\/solidanca.cat\/es\/solidanca-refuerza-su-compromiso-con-la-preparacion-para-la-reutilizacion-de-raee-actividades-y-alianzas-destacadas-del-2025\/\" target=\"_self\" rel=\"bookmark noopener noreferrer\">Solidan\u00e7a\u00a0refuerza su compromiso con la preparaci\u00f3n para la reutilizaci\u00f3n de RAEE: actividades y alianzas destacadas del 2025\u00a0<\/a>\n\t\t\t<\/h4>\n\t\t\t\t\t\t<div class='uagb-post__text uagb-post-grid-byline'>\n\t\t\t\t\t\t\t\t<time datetime=\"2026-04-15T10:00:00+02:00\" class=\"uagb-post__date\">\n\t\t\t\t<span class=\"dashicons-calendar dashicons\"><\/span>\t\t\t\t\t15\/04\/2026\t\t\t\t<\/time>\n\t\t\t\t\t\t<\/div>\n\t\t\t\t\t\t\t<div class='uagb-post__text uagb-post__excerpt'>\n\t\t\t\t\t<p>El taller de Preparaci\u00f3n para la Reutilizaci\u00f3n (PxR) de RAEE de&nbsp;Solidan\u00e7a&nbsp;ha cerrado 2025 con una&#8230;\t\t\t\t<\/div>\n\t\t\t\t\t\t<div class=\"uagb-post__text uagb-post__cta wp-block-button\">\n\t\t\t\t<a class=\"wp-block-button__link uagb-text-link\" style=\"\" href=\"https:\/\/solidanca.cat\/es\/solidanca-refuerza-su-compromiso-con-la-preparacion-para-la-reutilizacion-de-raee-actividades-y-alianzas-destacadas-del-2025\/\" target=\"_self\" rel=\"bookmark noopener noreferrer\">Llegir m\u00e9s<\/a>\n\t\t\t<\/div>\n\t\t\t\n\t\t\t\t\t\t\t\t\t<\/article>\n\t\t\t\t\t\t\t\t\t\t\t\t\t\t\t\t<article class=\"uagb-post__inner-wrap\">\t\t\t\t\t\t\t\t<div class='uagb-post__image'>\n\t\t\t\t\t\t\t\t\t<a href=\"https:\/\/solidanca.cat\/es\/25-tones-de-raee-gestionades-i-mes-de-185-000-kg-de-co%e2%82%82-evitats-el-2025\/\" target=\"_self\" rel=\"bookmark noopener noreferrer\" class='uagb-image-ratio-inherit'><img loading=\"lazy\" decoding=\"async\" width=\"800\" height=\"400\" src=\"https:\/\/solidanca.cat\/wp-content\/uploads\/2026\/03\/FOTO-NOTICIES-WEB-4.png\" class=\"attachment-large size-large\" alt=\"\" srcset=\"https:\/\/solidanca.cat\/wp-content\/uploads\/2026\/03\/FOTO-NOTICIES-WEB-4.png 800w, https:\/\/solidanca.cat\/wp-content\/uploads\/2026\/03\/FOTO-NOTICIES-WEB-4-300x150.png 300w, https:\/\/solidanca.cat\/wp-content\/uploads\/2026\/03\/FOTO-NOTICIES-WEB-4-768x384.png 768w\" sizes=\"auto, (max-width: 800px) 100vw, 800px\" \/>\t\t\t\t\t<\/a>\n\t\t\t\t\t\t\t<\/div>\n\t\t\t\t\t\t<h4 class=\"uagb-post__title uagb-post__text\">\n\t\t\t\t<a href=\"https:\/\/solidanca.cat\/es\/25-tones-de-raee-gestionades-i-mes-de-185-000-kg-de-co%e2%82%82-evitats-el-2025\/\" target=\"_self\" rel=\"bookmark noopener noreferrer\">25 tones de RAEE gestionades i m\u00e9s de 185.000 kg de CO\u2082 evitats el 2025<\/a>\n\t\t\t<\/h4>\n\t\t\t\t\t\t<div class='uagb-post__text uagb-post-grid-byline'>\n\t\t\t\t\t\t\t\t<time datetime=\"2026-04-15T10:00:00+02:00\" class=\"uagb-post__date\">\n\t\t\t\t<span class=\"dashicons-calendar dashicons\"><\/span>\t\t\t\t\t15\/04\/2026\t\t\t\t<\/time>\n\t\t\t\t\t\t<\/div>\n\t\t\t\t\t\t\t<div class='uagb-post__text uagb-post__excerpt'>\n\t\t\t\t\t<p>El taller de\u00a0Preparaci\u00f3\u00a0per a la\u00a0Reutilitzaci\u00f3\u00a0(PxR) de RAEE de\u00a0Solidan\u00e7a\u00a0ha\u00a0tancat\u00a0el 2025\u00a0amb\u00a0una\u00a0activitat\u00a0intensa i un impacte ambiental i social&#8230;\t\t\t\t<\/div>\n\t\t\t\t\t\t<div class=\"uagb-post__text uagb-post__cta wp-block-button\">\n\t\t\t\t<a class=\"wp-block-button__link uagb-text-link\" style=\"\" href=\"https:\/\/solidanca.cat\/es\/25-tones-de-raee-gestionades-i-mes-de-185-000-kg-de-co%e2%82%82-evitats-el-2025\/\" target=\"_self\" rel=\"bookmark noopener noreferrer\">Llegir m\u00e9s<\/a>\n\t\t\t<\/div>\n\t\t\t\n\t\t\t\t\t\t\t\t\t<\/article>\n\t\t\t\t\t\t\t\t\t\t\t\t\t<div class=\"uagb-post-pagination-wrap\">\n\t\t\t\t\t\t<span aria-current=\"page\" class=\"page-numbers current\">1<\/span>\n<a class=\"page-numbers\" href=\"https:\/\/solidanca.cat\/es\/wp-json\/wp\/v2\/pages\/9387\/page\/2\/\">2<\/a>\n<a class=\"page-numbers\" href=\"https:\/\/solidanca.cat\/es\/wp-json\/wp\/v2\/pages\/9387\/page\/3\/\">3<\/a>\n<a class=\"page-numbers\" href=\"https:\/\/solidanca.cat\/es\/wp-json\/wp\/v2\/pages\/9387\/page\/4\/\">4<\/a>\n<a class=\"page-numbers\" href=\"https:\/\/solidanca.cat\/es\/wp-json\/wp\/v2\/pages\/9387\/page\/5\/\">5<\/a>\n<span class=\"page-numbers dots\">&hellip;<\/span>\n<a class=\"page-numbers\" href=\"https:\/\/solidanca.cat\/es\/wp-json\/wp\/v2\/pages\/9387\/page\/7\/\">7<\/a>\n<a class=\"page-numbers\" href=\"https:\/\/solidanca.cat\/es\/wp-json\/wp\/v2\/pages\/9387\/page\/8\/\">8<\/a>\n<a class=\"page-numbers\" href=\"https:\/\/solidanca.cat\/es\/wp-json\/wp\/v2\/pages\/9387\/page\/9\/\">9<\/a>\n<a class=\"page-numbers\" href=\"https:\/\/solidanca.cat\/es\/wp-json\/wp\/v2\/pages\/9387\/page\/10\/\">10<\/a>\n<a class=\"next page-numbers\" href=\"https:\/\/solidanca.cat\/es\/wp-json\/wp\/v2\/pages\/9387\/page\/2\/\">Seg\u00fcent \u00bb<\/a>\t\t\t\t\t<\/div>\n\t\t\t\t\t\t\t\t<\/div>\n\t\t\t<\/div><\/div>\n\n<\/div><\/div>","protected":false},"excerpt":{"rendered":"<p>Noticias<\/p>\n","protected":false},"author":1,"featured_media":0,"parent":0,"menu_order":0,"comment_status":"closed","ping_status":"closed","template":"","meta":{"_uag_custom_page_level_css":"","_kad_blocks_custom_css":"","_kad_blocks_head_custom_js":"","_kad_blocks_body_custom_js":"","_kad_blocks_footer_custom_js":"","_kad_post_transparent":"default","_kad_post_title":"default","_kad_post_layout":"default","_kad_post_sidebar_id":"","_kad_post_content_style":"","_kad_post_vertical_padding":"","_kad_post_feature":"","_kad_post_feature_position":"","_kad_post_header":false,"_kad_post_footer":false,"_kad_post_classname":"","footnotes":""},"class_list":["post-9387","page","type-page","status-publish","hentry"],"taxonomy_info":[],"featured_image_src_large":false,"author_info":{"display_name":"admin","author_link":"https:\/\/solidanca.cat\/es\/author\/empiezapori\/"},"comment_info":0,"uagb_featured_image_src":{"full":false,"thumbnail":false,"medium":false,"medium_large":false,"large":false,"1536x1536":false,"2048x2048":false},"uagb_author_info":{"display_name":"admin","author_link":"https:\/\/solidanca.cat\/es\/author\/empiezapori\/"},"uagb_comment_info":0,"uagb_excerpt":"Noticias","_links":{"self":[{"href":"https:\/\/solidanca.cat\/es\/wp-json\/wp\/v2\/pages\/9387","targetHints":{"allow":["GET"]}}],"collection":[{"href":"https:\/\/solidanca.cat\/es\/wp-json\/wp\/v2\/pages"}],"about":[{"href":"https:\/\/solidanca.cat\/es\/wp-json\/wp\/v2\/types\/page"}],"author":[{"embeddable":true,"href":"https:\/\/solidanca.cat\/es\/wp-json\/wp\/v2\/users\/1"}],"replies":[{"embeddable":true,"href":"https:\/\/solidanca.cat\/es\/wp-json\/wp\/v2\/comments?post=9387"}],"version-history":[{"count":2,"href":"https:\/\/solidanca.cat\/es\/wp-json\/wp\/v2\/pages\/9387\/revisions"}],"predecessor-version":[{"id":11014,"href":"https:\/\/solidanca.cat\/es\/wp-json\/wp\/v2\/pages\/9387\/revisions\/11014"}],"wp:attachment":[{"href":"https:\/\/solidanca.cat\/es\/wp-json\/wp\/v2\/media?parent=9387"}],"curies":[{"name":"wp","href":"https:\/\/api.w.org\/{rel}","templated":true}]}}